{"id":6011,"date":"2026-01-05T14:36:35","date_gmt":"2026-01-05T13:36:35","guid":{"rendered":"https:\/\/ackosice.sk\/?post_type=tribe_events&#038;p=6011"},"modified":"2026-01-05T14:36:35","modified_gmt":"2026-01-05T13:36:35","slug":"aliancny-modlitebny-tyzden","status":"publish","type":"tribe_events","link":"https:\/\/ackosice.sk\/en\/udalosti\/aliancny-modlitebny-tyzden\/","title":{"rendered":"Alian\u010dn\u00fd modlitebn\u00fd t\u00fd\u017ede\u0148"},"content":{"rendered":"<p>Alian\u010dn\u00fd modlitebn\u00fd t\u00fd\u017ede\u0148 je obdobie, kedy sa protestantsk\u00e9 cirkvi po celej eur\u00f3pe modlia za konkr\u00e9tnu t\u00e9mu. Tento rok je t\u00e9mou modlitieb <strong>Bo\u017eia vernos\u0165.<\/strong><\/p>\n<p>Po\u010das jednotliv\u00fdch dn\u00ed je ciriez pozvan\u00e1 zjednoti\u0165 sa na modlitb\u00e1ch v t\u00fdchto okruhoch:<\/p>\n<p style=\"font-weight: 400;\">Nede\u013ea 11.1 &#8211; De\u0148 1 \u2013 \u017dalm 78:1-4 \u00a0\u00a0\u00a0\u00a0\u00a0\u00a0PRIPOMIENKA: neskr\u00fdva\u0165 to, \u010do Boh zjavil<\/p>\n<p style=\"font-weight: 400;\">Pondelok 12.1 &#8211; De\u0148 2 \u2013 \u017dalm 78:5-11\u00a0 \u00a0\u00a0\u00a0PRIPOMIENKA: nezab\u00fadajme odovzd\u00e1va\u0165 svedectvo \u010fal\u0161ej gener\u00e1cii<\/p>\n<p style=\"font-weight: 400;\">Utorok 13.1 &#8211; De\u0148 3 \u2013 \u017dalm 78:12-26 \u00a0\u00a0PRIPOMIENKA: spom\u00edname na vzostupy a p\u00e1dy<\/p>\n<p style=\"font-weight: 400;\">Streda 14.1 &#8211;\u00a0 De\u0148 4 \u2013 \u017dalm 78:17-33\u00a0 \u00a0POK\u00c1NIE: \u013eudsk\u00e1 vzbura a Bo\u017eie milosrdenstvo<\/p>\n<p style=\"font-weight: 400;\">\u0160tvrtok 15.1 &#8211;\u00a0 De\u0148 5 \u2013 \u017dalm 78:34-37\u00a0 \u00a0POK\u00c1NIE: Uvedomenie si ne\u00faprimn\u00e9ho pok\u00e1nia<\/p>\n<p style=\"font-weight: 400;\">Piatok 16.1 \u00a0&#8211; De\u0148 6 \u2013 \u017dalm 78:38-55 \u00a0V\u010eA\u010cNOS\u0164: Boh s rados\u0165ou ude\u013euje milosrdenstvo<\/p>\n<p style=\"font-weight: 400;\">Sobota 17.1 &#8211;\u00a0 De\u0148 7 \u2013 \u017dalm 78:56-64 \u00a0V\u010eA\u010cNOS\u0164: Boh, ktor\u00fd neodstra\u0148uje spravodliv\u00fd s\u00fad<\/p>\n<p style=\"font-weight: 400;\">Nede\u013ea 18.1 &#8211; De\u0148 8 \u2013 \u017dalm 78:65-72 \u00a0\u00a0V\u010eA\u010cNOS\u0164: Boh milosti a spravodlivosti je tu<\/p>\n<p><img loading=\"lazy\" decoding=\"async\" class=\"alignnone size-medium wp-image-6012\" src=\"https:\/\/ackosice.sk\/wp-content\/uploads\/2026\/01\/Snimka-obrazovky-2026-01-05-o-14.33.35-212x300.png\" alt=\"\" width=\"212\" height=\"300\" srcset=\"https:\/\/ackosice.sk\/wp-content\/uploads\/2026\/01\/Snimka-obrazovky-2026-01-05-o-14.33.35-212x300.png 212w, https:\/\/ackosice.sk\/wp-content\/uploads\/2026\/01\/Snimka-obrazovky-2026-01-05-o-14.33.35-724x1024.png 724w, https:\/\/ackosice.sk\/wp-content\/uploads\/2026\/01\/Snimka-obrazovky-2026-01-05-o-14.33.35-768x1086.png 768w, https:\/\/ackosice.sk\/wp-content\/uploads\/2026\/01\/Snimka-obrazovky-2026-01-05-o-14.33.35-8x12.png 8w, https:\/\/ackosice.sk\/wp-content\/uploads\/2026\/01\/Snimka-obrazovky-2026-01-05-o-14.33.35.png 1004w\" sizes=\"auto, (max-width: 212px) 100vw, 212px\" \/><\/p>\n<p>Zapojme sa ako kto vieme a<\/p>\n","protected":false},"excerpt":{"rendered":"<p>Alian\u010dn\u00fd modlitebn\u00fd t\u00fd\u017ede\u0148 je obdobie, kedy sa protestantsk\u00e9 cirkvi po celej eur\u00f3pe modlia za konkr\u00e9tnu t\u00e9mu. Tento rok je t\u00e9mou modlitieb Bo\u017eia vernos\u0165. Po\u010das jednotliv\u00fdch dn\u00ed je ciriez pozvan\u00e1 zjednoti\u0165 &hellip;<\/p>\n<p class=\"read-more\"> <a class=\"\" href=\"https:\/\/ackosice.sk\/en\/udalosti\/aliancny-modlitebny-tyzden\/\"> <span class=\"screen-reader-text\">Alian\u010dn\u00fd modlitebn\u00fd t\u00fd\u017ede\u0148<\/span> Read More &raquo;<\/a><\/p>\n","protected":false},"author":3,"featured_media":0,"comment_status":"open","ping_status":"closed","template":"","meta":{"site-sidebar-layout":"default","site-content-layout":"","ast-site-content-layout":"default","site-content-style":"default","site-sidebar-style":"default","ast-global-header-display":"","ast-banner-title-visibility":"","ast-main-header-display":"","ast-hfb-above-header-display":"","ast-hfb-below-header-display":"","ast-hfb-mobile-header-display":"","site-post-title":"","ast-breadcrumbs-content":"","ast-featured-img":"","footer-sml-layout":"","theme-transparent-header-meta":"default","adv-header-id-meta":"","stick-header-meta":"","header-above-stick-meta":"","header-main-stick-meta":"","header-below-stick-meta":"","astra-migrate-meta-layouts":"set","ast-page-background-enabled":"default","ast-page-background-meta":{"desktop":{"background-color":"var(--ast-global-color-4)","background-image":"","background-repeat":"repeat","background-position":"center center","background-size":"auto","background-attachment":"scroll","background-type":"","background-media":"","overlay-type":"","overlay-color":"","overlay-gradient":""},"tablet":{"background-color":"","background-image":"","background-repeat":"repeat","background-position":"center center","background-size":"auto","background-attachment":"scroll","background-type":"","background-media":"","overlay-type":"","overlay-color":"","overlay-gradient":""},"mobile":{"background-color":"","background-image":"","background-repeat":"repeat","background-position":"center center","background-size":"auto","background-attachment":"scroll","background-type":"","background-media":"","overlay-type":"","overlay-color":"","overlay-gradient":""}},"ast-content-background-meta":{"desktop":{"background-color":"var(--ast-global-color-5)","background-image":"","background-repeat":"repeat","background-position":"center center","background-size":"auto","background-attachment":"scroll","background-type":"","background-media":"","overlay-type":"","overlay-color":"","overlay-gradient":""},"tablet":{"background-color":"var(--ast-global-color-5)","background-image":"","background-repeat":"repeat","background-position":"center center","background-size":"auto","background-attachment":"scroll","background-type":"","background-media":"","overlay-type":"","overlay-color":"","overlay-gradient":""},"mobile":{"background-color":"var(--ast-global-color-5)","background-image":"","background-repeat":"repeat","background-position":"center center","background-size":"auto","background-attachment":"scroll","background-type":"","background-media":"","overlay-type":"","overlay-color":"","overlay-gradient":""}},"_themeisle_gutenberg_block_has_review":false,"_tribe_events_status":"","_tribe_events_status_reason":"","footnotes":""},"tags":[],"tribe_events_cat":[],"class_list":["post-6011","tribe_events","type-tribe_events","status-publish","hentry"],"yoast_head":"<!-- This site is optimized with the Yoast SEO plugin v21.5 - https:\/\/yoast.com\/wordpress\/plugins\/seo\/ -->\n<title>Alian\u010dn\u00fd modlitebn\u00fd t\u00fd\u017ede\u0148 - Apo\u0161tolsk\u00e1 cirkev Ko\u0161ice<\/title>\n<meta name=\"robots\" content=\"index, follow, max-snippet:-1, max-image-preview:large, max-video-preview:-1\" \/>\n<link rel=\"canonical\" href=\"https:\/\/ackosice.sk\/en\/udalosti\/aliancny-modlitebny-tyzden\/\" \/>\n<meta property=\"og:locale\" content=\"en_US\" \/>\n<meta property=\"og:type\" content=\"article\" \/>\n<meta property=\"og:title\" content=\"Alian\u010dn\u00fd modlitebn\u00fd t\u00fd\u017ede\u0148 - Apo\u0161tolsk\u00e1 cirkev Ko\u0161ice\" \/>\n<meta property=\"og:description\" content=\"Alian\u010dn\u00fd modlitebn\u00fd t\u00fd\u017ede\u0148 je obdobie, kedy sa protestantsk\u00e9 cirkvi po celej eur\u00f3pe modlia za konkr\u00e9tnu t\u00e9mu. Tento rok je t\u00e9mou modlitieb Bo\u017eia vernos\u0165. Po\u010das jednotliv\u00fdch dn\u00ed je ciriez pozvan\u00e1 zjednoti\u0165 &hellip; Alian\u010dn\u00fd modlitebn\u00fd t\u00fd\u017ede\u0148 Read More &raquo;\" \/>\n<meta property=\"og:url\" content=\"https:\/\/ackosice.sk\/en\/udalosti\/aliancny-modlitebny-tyzden\/\" \/>\n<meta property=\"og:site_name\" content=\"Apo\u0161tolsk\u00e1 cirkev Ko\u0161ice\" \/>\n<meta property=\"article:publisher\" content=\"https:\/\/www.facebook.com\/profile.php?id=100068802343798\" \/>\n<meta property=\"og:image\" content=\"https:\/\/ackosice.sk\/wp-content\/uploads\/2026\/01\/Snimka-obrazovky-2026-01-05-o-14.33.35-212x300.png\" \/>\n<meta name=\"twitter:card\" content=\"summary_large_image\" \/>\n<meta name=\"twitter:label1\" content=\"Est. reading time\" \/>\n\t<meta name=\"twitter:data1\" content=\"1 minute\" \/>\n<script type=\"application\/ld+json\" class=\"yoast-schema-graph\">{\"@context\":\"https:\/\/schema.org\",\"@graph\":[{\"@type\":\"WebPage\",\"@id\":\"https:\/\/ackosice.sk\/udalosti\/aliancny-modlitebny-tyzden\/\",\"url\":\"https:\/\/ackosice.sk\/udalosti\/aliancny-modlitebny-tyzden\/\",\"name\":\"Alian\u010dn\u00fd modlitebn\u00fd t\u00fd\u017ede\u0148 - Apo\u0161tolsk\u00e1 cirkev Ko\u0161ice\",\"isPartOf\":{\"@id\":\"https:\/\/ackosice.sk\/#website\"},\"datePublished\":\"2026-01-05T13:36:35+00:00\",\"dateModified\":\"2026-01-05T13:36:35+00:00\",\"breadcrumb\":{\"@id\":\"https:\/\/ackosice.sk\/udalosti\/aliancny-modlitebny-tyzden\/#breadcrumb\"},\"inLanguage\":\"en-US\",\"potentialAction\":[{\"@type\":\"ReadAction\",\"target\":[\"https:\/\/ackosice.sk\/udalosti\/aliancny-modlitebny-tyzden\/\"]}]},{\"@type\":\"BreadcrumbList\",\"@id\":\"https:\/\/ackosice.sk\/udalosti\/aliancny-modlitebny-tyzden\/#breadcrumb\",\"itemListElement\":[{\"@type\":\"ListItem\",\"position\":1,\"name\":\"Home\",\"item\":\"https:\/\/ackosice.sk\/\"},{\"@type\":\"ListItem\",\"position\":2,\"name\":\"Events\",\"item\":\"https:\/\/ackosice.sk\/en\/udalosti\/\"},{\"@type\":\"ListItem\",\"position\":3,\"name\":\"Alian\u010dn\u00fd modlitebn\u00fd t\u00fd\u017ede\u0148\"}]},{\"@type\":\"WebSite\",\"@id\":\"https:\/\/ackosice.sk\/#website\",\"url\":\"https:\/\/ackosice.sk\/\",\"name\":\"Apo\u0161tolsk\u00e1 cirkev Ko\u0161ice\",\"description\":\"Milujeme Boha, milujeme \u013eud\u00ed a milujeme \u017eivot.\",\"publisher\":{\"@id\":\"https:\/\/ackosice.sk\/#organization\"},\"potentialAction\":[{\"@type\":\"SearchAction\",\"target\":{\"@type\":\"EntryPoint\",\"urlTemplate\":\"https:\/\/ackosice.sk\/?s={search_term_string}\"},\"query-input\":\"required name=search_term_string\"}],\"inLanguage\":\"en-US\"},{\"@type\":\"Organization\",\"@id\":\"https:\/\/ackosice.sk\/#organization\",\"name\":\"Apo\u0161tolsk\u00e1 cirkev Ko\u0161ice\",\"url\":\"https:\/\/ackosice.sk\/\",\"logo\":{\"@type\":\"ImageObject\",\"inLanguage\":\"en-US\",\"@id\":\"https:\/\/ackosice.sk\/#\/schema\/logo\/image\/\",\"url\":\"https:\/\/ackosice.sk\/wp-content\/uploads\/2023\/09\/cropped-nove-logo-FIN-biele.png\",\"contentUrl\":\"https:\/\/ackosice.sk\/wp-content\/uploads\/2023\/09\/cropped-nove-logo-FIN-biele.png\",\"width\":500,\"height\":166,\"caption\":\"Apo\u0161tolsk\u00e1 cirkev Ko\u0161ice\"},\"image\":{\"@id\":\"https:\/\/ackosice.sk\/#\/schema\/logo\/image\/\"},\"sameAs\":[\"https:\/\/www.facebook.com\/profile.php?id=100068802343798\",\"https:\/\/www.instagram.com\/ackosice\",\"https:\/\/www.youtube.com\/@apostolskacirkevkosice9429?themeRefresh=1\"]}]}<\/script>\n<!-- \/ Yoast SEO plugin. -->","yoast_head_json":{"title":"Alian\u010dn\u00fd modlitebn\u00fd t\u00fd\u017ede\u0148 - Apo\u0161tolsk\u00e1 cirkev Ko\u0161ice","robots":{"index":"index","follow":"follow","max-snippet":"max-snippet:-1","max-image-preview":"max-image-preview:large","max-video-preview":"max-video-preview:-1"},"canonical":"https:\/\/ackosice.sk\/en\/udalosti\/aliancny-modlitebny-tyzden\/","og_locale":"en_US","og_type":"article","og_title":"Alian\u010dn\u00fd modlitebn\u00fd t\u00fd\u017ede\u0148 - Apo\u0161tolsk\u00e1 cirkev Ko\u0161ice","og_description":"Alian\u010dn\u00fd modlitebn\u00fd t\u00fd\u017ede\u0148 je obdobie, kedy sa protestantsk\u00e9 cirkvi po celej eur\u00f3pe modlia za konkr\u00e9tnu t\u00e9mu. Tento rok je t\u00e9mou modlitieb Bo\u017eia vernos\u0165. Po\u010das jednotliv\u00fdch dn\u00ed je ciriez pozvan\u00e1 zjednoti\u0165 &hellip; Alian\u010dn\u00fd modlitebn\u00fd t\u00fd\u017ede\u0148 Read More &raquo;","og_url":"https:\/\/ackosice.sk\/en\/udalosti\/aliancny-modlitebny-tyzden\/","og_site_name":"Apo\u0161tolsk\u00e1 cirkev Ko\u0161ice","article_publisher":"https:\/\/www.facebook.com\/profile.php?id=100068802343798","og_image":[{"url":"https:\/\/ackosice.sk\/wp-content\/uploads\/2026\/01\/Snimka-obrazovky-2026-01-05-o-14.33.35-212x300.png"}],"twitter_card":"summary_large_image","twitter_misc":{"Est. reading time":"1 minute"},"schema":{"@context":"https:\/\/schema.org","@graph":[{"@type":"WebPage","@id":"https:\/\/ackosice.sk\/udalosti\/aliancny-modlitebny-tyzden\/","url":"https:\/\/ackosice.sk\/udalosti\/aliancny-modlitebny-tyzden\/","name":"Alian\u010dn\u00fd modlitebn\u00fd t\u00fd\u017ede\u0148 - Apo\u0161tolsk\u00e1 cirkev Ko\u0161ice","isPartOf":{"@id":"https:\/\/ackosice.sk\/#website"},"datePublished":"2026-01-05T13:36:35+00:00","dateModified":"2026-01-05T13:36:35+00:00","breadcrumb":{"@id":"https:\/\/ackosice.sk\/udalosti\/aliancny-modlitebny-tyzden\/#breadcrumb"},"inLanguage":"en-US","potentialAction":[{"@type":"ReadAction","target":["https:\/\/ackosice.sk\/udalosti\/aliancny-modlitebny-tyzden\/"]}]},{"@type":"BreadcrumbList","@id":"https:\/\/ackosice.sk\/udalosti\/aliancny-modlitebny-tyzden\/#breadcrumb","itemListElement":[{"@type":"ListItem","position":1,"name":"Home","item":"https:\/\/ackosice.sk\/"},{"@type":"ListItem","position":2,"name":"Events","item":"https:\/\/ackosice.sk\/en\/udalosti\/"},{"@type":"ListItem","position":3,"name":"Alian\u010dn\u00fd modlitebn\u00fd t\u00fd\u017ede\u0148"}]},{"@type":"WebSite","@id":"https:\/\/ackosice.sk\/#website","url":"https:\/\/ackosice.sk\/","name":"Apo\u0161tolsk\u00e1 cirkev Ko\u0161ice","description":"Milujeme Boha, milujeme \u013eud\u00ed a milujeme \u017eivot.","publisher":{"@id":"https:\/\/ackosice.sk\/#organization"},"potentialAction":[{"@type":"SearchAction","target":{"@type":"EntryPoint","urlTemplate":"https:\/\/ackosice.sk\/?s={search_term_string}"},"query-input":"required name=search_term_string"}],"inLanguage":"en-US"},{"@type":"Organization","@id":"https:\/\/ackosice.sk\/#organization","name":"Apo\u0161tolsk\u00e1 cirkev Ko\u0161ice","url":"https:\/\/ackosice.sk\/","logo":{"@type":"ImageObject","inLanguage":"en-US","@id":"https:\/\/ackosice.sk\/#\/schema\/logo\/image\/","url":"https:\/\/ackosice.sk\/wp-content\/uploads\/2023\/09\/cropped-nove-logo-FIN-biele.png","contentUrl":"https:\/\/ackosice.sk\/wp-content\/uploads\/2023\/09\/cropped-nove-logo-FIN-biele.png","width":500,"height":166,"caption":"Apo\u0161tolsk\u00e1 cirkev Ko\u0161ice"},"image":{"@id":"https:\/\/ackosice.sk\/#\/schema\/logo\/image\/"},"sameAs":["https:\/\/www.facebook.com\/profile.php?id=100068802343798","https:\/\/www.instagram.com\/ackosice","https:\/\/www.youtube.com\/@apostolskacirkevkosice9429?themeRefresh=1"]}]}},"_links":{"self":[{"href":"https:\/\/ackosice.sk\/en\/wp-json\/wp\/v2\/tribe_events\/6011","targetHints":{"allow":["GET"]}}],"collection":[{"href":"https:\/\/ackosice.sk\/en\/wp-json\/wp\/v2\/tribe_events"}],"about":[{"href":"https:\/\/ackosice.sk\/en\/wp-json\/wp\/v2\/types\/tribe_events"}],"author":[{"embeddable":true,"href":"https:\/\/ackosice.sk\/en\/wp-json\/wp\/v2\/users\/3"}],"replies":[{"embeddable":true,"href":"https:\/\/ackosice.sk\/en\/wp-json\/wp\/v2\/comments?post=6011"}],"version-history":[{"count":1,"href":"https:\/\/ackosice.sk\/en\/wp-json\/wp\/v2\/tribe_events\/6011\/revisions"}],"predecessor-version":[{"id":6013,"href":"https:\/\/ackosice.sk\/en\/wp-json\/wp\/v2\/tribe_events\/6011\/revisions\/6013"}],"wp:attachment":[{"href":"https:\/\/ackosice.sk\/en\/wp-json\/wp\/v2\/media?parent=6011"}],"wp:term":[{"taxonomy":"post_tag","embeddable":true,"href":"https:\/\/ackosice.sk\/en\/wp-json\/wp\/v2\/tags?post=6011"},{"taxonomy":"tribe_events_cat","embeddable":true,"href":"https:\/\/ackosice.sk\/en\/wp-json\/wp\/v2\/tribe_events_cat?post=6011"}],"curies":[{"name":"wp","href":"https:\/\/api.w.org\/{rel}","templated":true}]}}